{"id":112939,"date":"2025-09-23T11:49:47","date_gmt":"2025-09-23T09:49:47","guid":{"rendered":"https:\/\/fifp.fr\/?post_type=mec-events&#038;p=112939"},"modified":"2025-09-23T18:16:01","modified_gmt":"2025-09-23T16:16:01","slug":"la-fete-des-peres-fathers-day-selection-officielle-official-selection","status":"publish","type":"mec-events","link":"https:\/\/fifp.fr\/en\/events\/la-fete-des-peres-fathers-day-selection-officielle-official-selection\/","title":{"rendered":"LA F\u00caTE DES P\u00c8RES (FATHER&rsquo;S DAY) [S\u00e9lection officielle\/Official selection]"},"content":{"rendered":"<p><span style=\"font-weight: 400;\">R\u00e9alisateur(trice)\/Director: Ayana O&rsquo;Shun<\/span><\/p>\n<p><span style=\"font-weight: 400;\">Dur\u00e9e\/Length: 01:14:00<\/span><\/p>\n<p><span style=\"font-weight: 400;\">Genre: Long-m\u00e9trage, documentaire\/Feature, documentary<\/span><\/p>\n<p><span style=\"font-weight: 400;\">Origin: Canada\/Canada<\/span><\/p>\n<p>&nbsp;<\/p>\n<p><span style=\"font-weight: 400;\">Father&rsquo;s Day est un documentaire qui explore le ph\u00e9nom\u00e8ne des p\u00e8res absents dans les communaut\u00e9s noires, en d\u00e9voilant les histoires personnelles de la r\u00e9alisatrice et de femmes fascinantes du Canada et de la Guadeloupe. Le film\u00a0 examine les raisons pour lesquelles la moiti\u00e9 des familles noires en Am\u00e9rique du Nord sont sans p\u00e8re (contre un cinqui\u00e8me de la famille moyenne). Quelles en sont les raisons ? Quelles en sont les cons\u00e9quences sur leurs descendants ? <\/span><span style=\"font-weight: 400;\"><br \/>\n<\/span><span style=\"font-weight: 400;\">Le film r\u00e9v\u00e8le le poids de l&rsquo;h\u00e9ritage social et historique, les cons\u00e9quences des choix de vie et la complexit\u00e9 de l&rsquo;amour et de la gu\u00e9rison.<\/span><\/p>\n<p><i><span style=\"font-weight: 400;\">Father&rsquo;s Day is a documentary that explores the phenomenon of absent fathers in Black communities, revealing the personal stories of the director and fascinating women from Canada and Guadeloupe. The film examines why half of Black families in North America are fatherless (compared to one-fifth of the average family). What are the reasons for this? What are the consequences for their descendants? The film reveals the weight of social and historical legacy, the consequences of life choices, and the complexity of love and healing.<\/span><\/i><\/p>\n<p><br style=\"font-weight: 400;\" \/><img decoding=\"async\" class=\"aligncenter wp-image-112941 size-full\" src=\"https:\/\/fifp.fr\/wp-content\/uploads\/2025\/09\/Poster-41b207b118-poster.jpg\" alt=\"\" width=\"618\" height=\"800\" srcset=\"https:\/\/fifp.fr\/wp-content\/uploads\/2025\/09\/Poster-41b207b118-poster.jpg 618w, https:\/\/fifp.fr\/wp-content\/uploads\/2025\/09\/Poster-41b207b118-poster-320x414.jpg 320w, https:\/\/fifp.fr\/wp-content\/uploads\/2025\/09\/Poster-41b207b118-poster-9x12.jpg 9w, https:\/\/fifp.fr\/wp-content\/uploads\/2025\/09\/Poster-41b207b118-poster-350x453.jpg 350w\" sizes=\"(max-width: 618px) 100vw, 618px\" \/><br style=\"font-weight: 400;\" \/><br style=\"font-weight: 400;\" \/><\/p>\n<p><img decoding=\"async\" class=\"aligncenter wp-image-112940 size-large\" src=\"https:\/\/fifp.fr\/wp-content\/uploads\/2025\/09\/Photo-1-2-Carlos_Moore_et_Ayana_Oshun_Guadeloupe_Les_Productions_Oshun_Bel_Ange_Moon_Productions-1200x675.jpg\" alt=\"\" width=\"840\" height=\"473\" srcset=\"https:\/\/fifp.fr\/wp-content\/uploads\/2025\/09\/Photo-1-2-Carlos_Moore_et_Ayana_Oshun_Guadeloupe_Les_Productions_Oshun_Bel_Ange_Moon_Productions-1200x675.jpg 1200w, https:\/\/fifp.fr\/wp-content\/uploads\/2025\/09\/Photo-1-2-Carlos_Moore_et_Ayana_Oshun_Guadeloupe_Les_Productions_Oshun_Bel_Ange_Moon_Productions-320x180.jpg 320w, https:\/\/fifp.fr\/wp-content\/uploads\/2025\/09\/Photo-1-2-Carlos_Moore_et_Ayana_Oshun_Guadeloupe_Les_Productions_Oshun_Bel_Ange_Moon_Productions-768x432.jpg 768w, https:\/\/fifp.fr\/wp-content\/uploads\/2025\/09\/Photo-1-2-Carlos_Moore_et_Ayana_Oshun_Guadeloupe_Les_Productions_Oshun_Bel_Ange_Moon_Productions-1536x864.jpg 1536w, https:\/\/fifp.fr\/wp-content\/uploads\/2025\/09\/Photo-1-2-Carlos_Moore_et_Ayana_Oshun_Guadeloupe_Les_Productions_Oshun_Bel_Ange_Moon_Productions-18x10.jpg 18w, https:\/\/fifp.fr\/wp-content\/uploads\/2025\/09\/Photo-1-2-Carlos_Moore_et_Ayana_Oshun_Guadeloupe_Les_Productions_Oshun_Bel_Ange_Moon_Productions-350x197.jpg 350w, https:\/\/fifp.fr\/wp-content\/uploads\/2025\/09\/Photo-1-2-Carlos_Moore_et_Ayana_Oshun_Guadeloupe_Les_Productions_Oshun_Bel_Ange_Moon_Productions.jpg 1919w\" sizes=\"(max-width: 840px) 100vw, 840px\" \/><\/p>","protected":false},"excerpt":{"rendered":"<p>R\u00e9alisateur(trice)\/Director: Ayana O&rsquo;Shun Dur\u00e9e\/Length: 01:14:00 Genre: Long-m\u00e9trage, documentaire\/Feature, documentary Origin: Canada\/Canada &nbsp; Father&rsquo;s Day est un documentaire qui explore le [&hellip;]<\/p>\n","protected":false},"author":23,"featured_media":112941,"comment_status":"closed","ping_status":"closed","template":"","tags":[],"mec_category":[417,419],"mec_speaker":[],"class_list":["post-112939","mec-events","type-mec-events","status-publish","has-post-thumbnail","hentry","mec_category-long-metrage-2025","mec_category-doc-2025"],"yoast_head":"<!-- This site is optimized with the Yoast SEO plugin v27.3 - https:\/\/yoast.com\/product\/yoast-seo-wordpress\/ -->\n<title>LA F\u00caTE DES P\u00c8RES (FATHER&#039;S DAY) [S\u00e9lection officielle\/Official selection] - Festival International Du Film Pan Africain | Cannes<\/title>\n<meta name=\"robots\" content=\"index, follow, max-snippet:-1, max-image-preview:large, max-video-preview:-1\" \/>\n<link rel=\"canonical\" href=\"https:\/\/fifp.fr\/en\/events\/la-fete-des-peres-fathers-day-selection-officielle-official-selection\/\" \/>\n<meta property=\"og:locale\" content=\"en_US\" \/>\n<meta property=\"og:type\" content=\"article\" \/>\n<meta property=\"og:title\" content=\"LA F\u00caTE DES P\u00c8RES (FATHER&#039;S DAY) [S\u00e9lection officielle\/Official selection] - Festival International Du Film Pan Africain | Cannes\" \/>\n<meta property=\"og:description\" content=\"R\u00e9alisateur(trice)\/Director: Ayana O&rsquo;Shun Dur\u00e9e\/Length: 01:14:00 Genre: Long-m\u00e9trage, documentaire\/Feature, documentary Origin: Canada\/Canada &nbsp; Father&rsquo;s Day est un documentaire qui explore le [&hellip;]\" \/>\n<meta property=\"og:url\" content=\"https:\/\/fifp.fr\/en\/events\/la-fete-des-peres-fathers-day-selection-officielle-official-selection\/\" \/>\n<meta property=\"og:site_name\" content=\"Festival International Du Film Pan Africain | Cannes\" \/>\n<meta property=\"article:modified_time\" content=\"2025-09-23T16:16:01+00:00\" \/>\n<meta property=\"og:image\" content=\"https:\/\/fifp.fr\/wp-content\/uploads\/2025\/09\/Poster-41b207b118-poster.jpg\" \/>\n\t<meta property=\"og:image:width\" content=\"618\" \/>\n\t<meta property=\"og:image:height\" content=\"800\" \/>\n\t<meta property=\"og:image:type\" content=\"image\/jpeg\" \/>\n<meta name=\"twitter:card\" content=\"summary_large_image\" \/>\n<meta name=\"twitter:label1\" content=\"Est. reading time\" \/>\n\t<meta name=\"twitter:data1\" content=\"2 minutes\" \/>\n<script type=\"application\/ld+json\" class=\"yoast-schema-graph\">{\"@context\":\"https:\\\/\\\/schema.org\",\"@graph\":[{\"@type\":\"WebPage\",\"@id\":\"https:\\\/\\\/fifp.fr\\\/events\\\/la-fete-des-peres-fathers-day-selection-officielle-official-selection\\\/\",\"url\":\"https:\\\/\\\/fifp.fr\\\/events\\\/la-fete-des-peres-fathers-day-selection-officielle-official-selection\\\/\",\"name\":\"LA F\u00caTE DES P\u00c8RES (FATHER'S DAY) [S\u00e9lection officielle\\\/Official selection] - Festival International Du Film Pan Africain | Cannes\",\"isPartOf\":{\"@id\":\"https:\\\/\\\/fifp.fr\\\/#website\"},\"primaryImageOfPage\":{\"@id\":\"https:\\\/\\\/fifp.fr\\\/events\\\/la-fete-des-peres-fathers-day-selection-officielle-official-selection\\\/#primaryimage\"},\"image\":{\"@id\":\"https:\\\/\\\/fifp.fr\\\/events\\\/la-fete-des-peres-fathers-day-selection-officielle-official-selection\\\/#primaryimage\"},\"thumbnailUrl\":\"https:\\\/\\\/fifp.fr\\\/wp-content\\\/uploads\\\/2025\\\/09\\\/Poster-41b207b118-poster.jpg\",\"datePublished\":\"2025-09-23T09:49:47+00:00\",\"dateModified\":\"2025-09-23T16:16:01+00:00\",\"breadcrumb\":{\"@id\":\"https:\\\/\\\/fifp.fr\\\/events\\\/la-fete-des-peres-fathers-day-selection-officielle-official-selection\\\/#breadcrumb\"},\"inLanguage\":\"en-US\",\"potentialAction\":[{\"@type\":\"ReadAction\",\"target\":[\"https:\\\/\\\/fifp.fr\\\/events\\\/la-fete-des-peres-fathers-day-selection-officielle-official-selection\\\/\"]}]},{\"@type\":\"ImageObject\",\"inLanguage\":\"en-US\",\"@id\":\"https:\\\/\\\/fifp.fr\\\/events\\\/la-fete-des-peres-fathers-day-selection-officielle-official-selection\\\/#primaryimage\",\"url\":\"https:\\\/\\\/fifp.fr\\\/wp-content\\\/uploads\\\/2025\\\/09\\\/Poster-41b207b118-poster.jpg\",\"contentUrl\":\"https:\\\/\\\/fifp.fr\\\/wp-content\\\/uploads\\\/2025\\\/09\\\/Poster-41b207b118-poster.jpg\",\"width\":618,\"height\":800},{\"@type\":\"BreadcrumbList\",\"@id\":\"https:\\\/\\\/fifp.fr\\\/events\\\/la-fete-des-peres-fathers-day-selection-officielle-official-selection\\\/#breadcrumb\",\"itemListElement\":[{\"@type\":\"ListItem\",\"position\":1,\"name\":\"Festival Film Pan Africain De Cannes\",\"item\":\"https:\\\/\\\/fifp.fr\\\/\"},{\"@type\":\"ListItem\",\"position\":2,\"name\":\"\u00c9v\u00e9nements\",\"item\":\"https:\\\/\\\/fifp.fr\\\/events\\\/\"},{\"@type\":\"ListItem\",\"position\":3,\"name\":\"LA F\u00caTE DES P\u00c8RES (FATHER&rsquo;S DAY) [S\u00e9lection officielle\\\/Official selection]\"}]},{\"@type\":\"WebSite\",\"@id\":\"https:\\\/\\\/fifp.fr\\\/#website\",\"url\":\"https:\\\/\\\/fifp.fr\\\/\",\"name\":\"Festival International Du Film Pan Africain | Cannes\",\"description\":\"Au Coeur Du CInema &amp; Des Arts Pan Africain\",\"potentialAction\":[{\"@type\":\"SearchAction\",\"target\":{\"@type\":\"EntryPoint\",\"urlTemplate\":\"https:\\\/\\\/fifp.fr\\\/?s={search_term_string}\"},\"query-input\":{\"@type\":\"PropertyValueSpecification\",\"valueRequired\":true,\"valueName\":\"search_term_string\"}}],\"inLanguage\":\"en-US\"}]}<\/script>\n<!-- \/ Yoast SEO plugin. -->","yoast_head_json":{"title":"LA F\u00caTE DES P\u00c8RES (FATHER'S DAY) [S\u00e9lection officielle\/Official selection] - Festival International Du Film Pan Africain | Cannes","robots":{"index":"index","follow":"follow","max-snippet":"max-snippet:-1","max-image-preview":"max-image-preview:large","max-video-preview":"max-video-preview:-1"},"canonical":"https:\/\/fifp.fr\/en\/events\/la-fete-des-peres-fathers-day-selection-officielle-official-selection\/","og_locale":"en_US","og_type":"article","og_title":"LA F\u00caTE DES P\u00c8RES (FATHER'S DAY) [S\u00e9lection officielle\/Official selection] - Festival International Du Film Pan Africain | Cannes","og_description":"R\u00e9alisateur(trice)\/Director: Ayana O&rsquo;Shun Dur\u00e9e\/Length: 01:14:00 Genre: Long-m\u00e9trage, documentaire\/Feature, documentary Origin: Canada\/Canada &nbsp; Father&rsquo;s Day est un documentaire qui explore le [&hellip;]","og_url":"https:\/\/fifp.fr\/en\/events\/la-fete-des-peres-fathers-day-selection-officielle-official-selection\/","og_site_name":"Festival International Du Film Pan Africain | Cannes","article_modified_time":"2025-09-23T16:16:01+00:00","og_image":[{"width":618,"height":800,"url":"https:\/\/fifp.fr\/wp-content\/uploads\/2025\/09\/Poster-41b207b118-poster.jpg","type":"image\/jpeg"}],"twitter_card":"summary_large_image","twitter_misc":{"Est. reading time":"2 minutes"},"schema":{"@context":"https:\/\/schema.org","@graph":[{"@type":"WebPage","@id":"https:\/\/fifp.fr\/events\/la-fete-des-peres-fathers-day-selection-officielle-official-selection\/","url":"https:\/\/fifp.fr\/events\/la-fete-des-peres-fathers-day-selection-officielle-official-selection\/","name":"LA F\u00caTE DES P\u00c8RES (FATHER'S DAY) [S\u00e9lection officielle\/Official selection] - Festival International Du Film Pan Africain | Cannes","isPartOf":{"@id":"https:\/\/fifp.fr\/#website"},"primaryImageOfPage":{"@id":"https:\/\/fifp.fr\/events\/la-fete-des-peres-fathers-day-selection-officielle-official-selection\/#primaryimage"},"image":{"@id":"https:\/\/fifp.fr\/events\/la-fete-des-peres-fathers-day-selection-officielle-official-selection\/#primaryimage"},"thumbnailUrl":"https:\/\/fifp.fr\/wp-content\/uploads\/2025\/09\/Poster-41b207b118-poster.jpg","datePublished":"2025-09-23T09:49:47+00:00","dateModified":"2025-09-23T16:16:01+00:00","breadcrumb":{"@id":"https:\/\/fifp.fr\/events\/la-fete-des-peres-fathers-day-selection-officielle-official-selection\/#breadcrumb"},"inLanguage":"en-US","potentialAction":[{"@type":"ReadAction","target":["https:\/\/fifp.fr\/events\/la-fete-des-peres-fathers-day-selection-officielle-official-selection\/"]}]},{"@type":"ImageObject","inLanguage":"en-US","@id":"https:\/\/fifp.fr\/events\/la-fete-des-peres-fathers-day-selection-officielle-official-selection\/#primaryimage","url":"https:\/\/fifp.fr\/wp-content\/uploads\/2025\/09\/Poster-41b207b118-poster.jpg","contentUrl":"https:\/\/fifp.fr\/wp-content\/uploads\/2025\/09\/Poster-41b207b118-poster.jpg","width":618,"height":800},{"@type":"BreadcrumbList","@id":"https:\/\/fifp.fr\/events\/la-fete-des-peres-fathers-day-selection-officielle-official-selection\/#breadcrumb","itemListElement":[{"@type":"ListItem","position":1,"name":"Festival Film Pan Africain De Cannes","item":"https:\/\/fifp.fr\/"},{"@type":"ListItem","position":2,"name":"\u00c9v\u00e9nements","item":"https:\/\/fifp.fr\/events\/"},{"@type":"ListItem","position":3,"name":"LA F\u00caTE DES P\u00c8RES (FATHER&rsquo;S DAY) [S\u00e9lection officielle\/Official selection]"}]},{"@type":"WebSite","@id":"https:\/\/fifp.fr\/#website","url":"https:\/\/fifp.fr\/","name":"Festival International Du Film Pan Africain | Cannes","description":"Au Coeur Du CInema &amp; Des Arts Pan Africain","potentialAction":[{"@type":"SearchAction","target":{"@type":"EntryPoint","urlTemplate":"https:\/\/fifp.fr\/?s={search_term_string}"},"query-input":{"@type":"PropertyValueSpecification","valueRequired":true,"valueName":"search_term_string"}}],"inLanguage":"en-US"}]}},"_links":{"self":[{"href":"https:\/\/fifp.fr\/en\/wp-json\/wp\/v2\/mec-events\/112939","targetHints":{"allow":["GET"]}}],"collection":[{"href":"https:\/\/fifp.fr\/en\/wp-json\/wp\/v2\/mec-events"}],"about":[{"href":"https:\/\/fifp.fr\/en\/wp-json\/wp\/v2\/types\/mec-events"}],"author":[{"embeddable":true,"href":"https:\/\/fifp.fr\/en\/wp-json\/wp\/v2\/users\/23"}],"replies":[{"embeddable":true,"href":"https:\/\/fifp.fr\/en\/wp-json\/wp\/v2\/comments?post=112939"}],"wp:featuredmedia":[{"embeddable":true,"href":"https:\/\/fifp.fr\/en\/wp-json\/wp\/v2\/media\/112941"}],"wp:attachment":[{"href":"https:\/\/fifp.fr\/en\/wp-json\/wp\/v2\/media?parent=112939"}],"wp:term":[{"taxonomy":"post_tag","embeddable":true,"href":"https:\/\/fifp.fr\/en\/wp-json\/wp\/v2\/tags?post=112939"},{"taxonomy":"mec_category","embeddable":true,"href":"https:\/\/fifp.fr\/en\/wp-json\/wp\/v2\/mec_category?post=112939"},{"taxonomy":"mec_speaker","embeddable":true,"href":"https:\/\/fifp.fr\/en\/wp-json\/wp\/v2\/mec_speaker?post=112939"}],"curies":[{"name":"wp","href":"https:\/\/api.w.org\/{rel}","templated":true}]}}