{"id":112958,"date":"2025-09-23T12:42:47","date_gmt":"2025-09-23T10:42:47","guid":{"rendered":"https:\/\/fifp.fr\/?post_type=mec-events&#038;p=112958"},"modified":"2025-09-26T19:55:57","modified_gmt":"2025-09-26T17:55:57","slug":"choeurs-atlantiques-choeurs-atlantiques-tales-from-the-atlantic-beyond-selection-officielle-official-selection","status":"publish","type":"mec-events","link":"https:\/\/fifp.fr\/en\/events\/choeurs-atlantiques-choeurs-atlantiques-tales-from-the-atlantic-beyond-selection-officielle-official-selection\/","title":{"rendered":"CH\u0152URS ATLANTIQUES (CH\u0152URS ATLANTIQUES | TALES FROM THE ATLANTIC BEYOND  [S\u00e9lection officielle\/Official selection]"},"content":{"rendered":"<p><span style=\"font-weight: 400;\">R\u00e9alisateur(trice)\/Director: Safoi Babana-Hampton<\/span><\/p>\n<p><span style=\"font-weight: 400;\">Dur\u00e9e\/Length: 01:59:00<\/span><\/p>\n<p><span style=\"font-weight: 400;\">Genre: Long-m\u00e9trage, documentaire\/Feature, documentary<\/span><\/p>\n<p><span style=\"font-weight: 400;\">Origin: France, Guadeloupe, Martinique, Senegal, United States\/France, Guadeloupe, Martinique, Senegal, United States<\/span><\/p>\n<p>&nbsp;<\/p>\n<p><span style=\"font-weight: 400;\">Ce film est une qu\u00eate personnelle poignante qui commence dans la Baie du Diamant, en Martinique, et se poursuit sur 3 continents. Il met en lumi\u00e8re ce que signifie d&rsquo;\u00eatre noir aujourd&rsquo;hui et d&rsquo;\u00eatre h\u00e9ritier des descendants d&rsquo;esclaves dans un monde globalement interd\u00e9pendant. Dans ce voyage spatial, temporel, visuel, sonore de r\u00e9flexion et de sensations, nous serons guid\u00e9s par l\u2019artiste martiniquais Laurent Val\u00e8re dont la sculpture monumentale, Le CAP 110, \u00e9voque un dialogue transatlantique f\u00e9cond avec des acteurs culturels divers de la diaspora noire<\/span><\/p>\n<p><i><span style=\"font-weight: 400;\">This film is a poignant quest for personal memory that begins in Baie du Diamant, Martinique, and continues across three continents. It highlights what it means to be black today and to be a descendant of slaves in a globally interdependent world. In this spatial, temporal, visual, and auditory journey of reflection and sensations, we are guided by Martinican artist Laurent Val\u00e8re, whose monumental sculpture, Le CAP 110, evokes a fruitful transatlantic dialogue with various cultural actors from the Black diaspora.<\/span><\/i><\/p>\n<p><img decoding=\"async\" class=\"aligncenter wp-image-112960 size-full\" src=\"https:\/\/fifp.fr\/wp-content\/uploads\/2025\/09\/Poster-c4e8f628af-poster.jpg\" alt=\"\" width=\"541\" height=\"800\" srcset=\"https:\/\/fifp.fr\/wp-content\/uploads\/2025\/09\/Poster-c4e8f628af-poster.jpg 541w, https:\/\/fifp.fr\/wp-content\/uploads\/2025\/09\/Poster-c4e8f628af-poster-320x473.jpg 320w, https:\/\/fifp.fr\/wp-content\/uploads\/2025\/09\/Poster-c4e8f628af-poster-8x12.jpg 8w, https:\/\/fifp.fr\/wp-content\/uploads\/2025\/09\/Poster-c4e8f628af-poster-350x518.jpg 350w\" sizes=\"(max-width: 541px) 100vw, 541px\" \/><br style=\"font-weight: 400;\" \/><img decoding=\"async\" class=\"aligncenter wp-image-112959 size-large\" src=\"https:\/\/fifp.fr\/wp-content\/uploads\/2025\/09\/Photo-2-Maroons_facing_ocean_1-1200x638.jpg\" alt=\"\" width=\"840\" height=\"447\" srcset=\"https:\/\/fifp.fr\/wp-content\/uploads\/2025\/09\/Photo-2-Maroons_facing_ocean_1-1200x638.jpg 1200w, https:\/\/fifp.fr\/wp-content\/uploads\/2025\/09\/Photo-2-Maroons_facing_ocean_1-320x170.jpg 320w, https:\/\/fifp.fr\/wp-content\/uploads\/2025\/09\/Photo-2-Maroons_facing_ocean_1-768x408.jpg 768w, https:\/\/fifp.fr\/wp-content\/uploads\/2025\/09\/Photo-2-Maroons_facing_ocean_1-1536x817.jpg 1536w, https:\/\/fifp.fr\/wp-content\/uploads\/2025\/09\/Photo-2-Maroons_facing_ocean_1-18x10.jpg 18w, https:\/\/fifp.fr\/wp-content\/uploads\/2025\/09\/Photo-2-Maroons_facing_ocean_1-350x186.jpg 350w, https:\/\/fifp.fr\/wp-content\/uploads\/2025\/09\/Photo-2-Maroons_facing_ocean_1.jpg 1920w\" sizes=\"(max-width: 840px) 100vw, 840px\" \/><\/p>","protected":false},"excerpt":{"rendered":"<p>R\u00e9alisateur(trice)\/Director: Safoi Babana-Hampton Dur\u00e9e\/Length: 01:59:00 Genre: Long-m\u00e9trage, documentaire\/Feature, documentary Origin: France, Guadeloupe, Martinique, Senegal, United States\/France, Guadeloupe, Martinique, Senegal, United [&hellip;]<\/p>\n","protected":false},"author":23,"featured_media":112960,"comment_status":"closed","ping_status":"closed","template":"","tags":[],"mec_category":[417,419],"mec_speaker":[],"class_list":["post-112958","mec-events","type-mec-events","status-publish","has-post-thumbnail","hentry","mec_category-long-metrage-2025","mec_category-doc-2025"],"yoast_head":"<!-- This site is optimized with the Yoast SEO plugin v27.3 - https:\/\/yoast.com\/product\/yoast-seo-wordpress\/ -->\n<title>CH\u0152URS ATLANTIQUES (CH\u0152URS ATLANTIQUES | TALES FROM THE ATLANTIC BEYOND [S\u00e9lection officielle\/Official selection] - Festival International Du Film Pan Africain | Cannes<\/title>\n<meta name=\"robots\" content=\"index, follow, max-snippet:-1, max-image-preview:large, max-video-preview:-1\" \/>\n<link rel=\"canonical\" href=\"https:\/\/fifp.fr\/en\/events\/choeurs-atlantiques-choeurs-atlantiques-tales-from-the-atlantic-beyond-selection-officielle-official-selection\/\" \/>\n<meta property=\"og:locale\" content=\"en_US\" \/>\n<meta property=\"og:type\" content=\"article\" \/>\n<meta property=\"og:title\" content=\"CH\u0152URS ATLANTIQUES (CH\u0152URS ATLANTIQUES | TALES FROM THE ATLANTIC BEYOND [S\u00e9lection officielle\/Official selection] - Festival International Du Film Pan Africain | Cannes\" \/>\n<meta property=\"og:description\" content=\"R\u00e9alisateur(trice)\/Director: Safoi Babana-Hampton Dur\u00e9e\/Length: 01:59:00 Genre: Long-m\u00e9trage, documentaire\/Feature, documentary Origin: France, Guadeloupe, Martinique, Senegal, United States\/France, Guadeloupe, Martinique, Senegal, United [&hellip;]\" \/>\n<meta property=\"og:url\" content=\"https:\/\/fifp.fr\/en\/events\/choeurs-atlantiques-choeurs-atlantiques-tales-from-the-atlantic-beyond-selection-officielle-official-selection\/\" \/>\n<meta property=\"og:site_name\" content=\"Festival International Du Film Pan Africain | Cannes\" \/>\n<meta property=\"article:modified_time\" content=\"2025-09-26T17:55:57+00:00\" \/>\n<meta property=\"og:image\" content=\"https:\/\/fifp.fr\/wp-content\/uploads\/2025\/09\/Poster-c4e8f628af-poster.jpg\" \/>\n\t<meta property=\"og:image:width\" content=\"541\" \/>\n\t<meta property=\"og:image:height\" content=\"800\" \/>\n\t<meta property=\"og:image:type\" content=\"image\/jpeg\" \/>\n<meta name=\"twitter:card\" content=\"summary_large_image\" \/>\n<meta name=\"twitter:label1\" content=\"Est. reading time\" \/>\n\t<meta name=\"twitter:data1\" content=\"2 minutes\" \/>\n<script type=\"application\/ld+json\" class=\"yoast-schema-graph\">{\"@context\":\"https:\\\/\\\/schema.org\",\"@graph\":[{\"@type\":\"WebPage\",\"@id\":\"https:\\\/\\\/fifp.fr\\\/events\\\/choeurs-atlantiques-choeurs-atlantiques-tales-from-the-atlantic-beyond-selection-officielle-official-selection\\\/\",\"url\":\"https:\\\/\\\/fifp.fr\\\/events\\\/choeurs-atlantiques-choeurs-atlantiques-tales-from-the-atlantic-beyond-selection-officielle-official-selection\\\/\",\"name\":\"CH\u0152URS ATLANTIQUES (CH\u0152URS ATLANTIQUES | TALES FROM THE ATLANTIC BEYOND [S\u00e9lection officielle\\\/Official selection] - Festival International Du Film Pan Africain | Cannes\",\"isPartOf\":{\"@id\":\"https:\\\/\\\/fifp.fr\\\/#website\"},\"primaryImageOfPage\":{\"@id\":\"https:\\\/\\\/fifp.fr\\\/events\\\/choeurs-atlantiques-choeurs-atlantiques-tales-from-the-atlantic-beyond-selection-officielle-official-selection\\\/#primaryimage\"},\"image\":{\"@id\":\"https:\\\/\\\/fifp.fr\\\/events\\\/choeurs-atlantiques-choeurs-atlantiques-tales-from-the-atlantic-beyond-selection-officielle-official-selection\\\/#primaryimage\"},\"thumbnailUrl\":\"https:\\\/\\\/fifp.fr\\\/wp-content\\\/uploads\\\/2025\\\/09\\\/Poster-c4e8f628af-poster.jpg\",\"datePublished\":\"2025-09-23T10:42:47+00:00\",\"dateModified\":\"2025-09-26T17:55:57+00:00\",\"breadcrumb\":{\"@id\":\"https:\\\/\\\/fifp.fr\\\/events\\\/choeurs-atlantiques-choeurs-atlantiques-tales-from-the-atlantic-beyond-selection-officielle-official-selection\\\/#breadcrumb\"},\"inLanguage\":\"en-US\",\"potentialAction\":[{\"@type\":\"ReadAction\",\"target\":[\"https:\\\/\\\/fifp.fr\\\/events\\\/choeurs-atlantiques-choeurs-atlantiques-tales-from-the-atlantic-beyond-selection-officielle-official-selection\\\/\"]}]},{\"@type\":\"ImageObject\",\"inLanguage\":\"en-US\",\"@id\":\"https:\\\/\\\/fifp.fr\\\/events\\\/choeurs-atlantiques-choeurs-atlantiques-tales-from-the-atlantic-beyond-selection-officielle-official-selection\\\/#primaryimage\",\"url\":\"https:\\\/\\\/fifp.fr\\\/wp-content\\\/uploads\\\/2025\\\/09\\\/Poster-c4e8f628af-poster.jpg\",\"contentUrl\":\"https:\\\/\\\/fifp.fr\\\/wp-content\\\/uploads\\\/2025\\\/09\\\/Poster-c4e8f628af-poster.jpg\",\"width\":541,\"height\":800},{\"@type\":\"BreadcrumbList\",\"@id\":\"https:\\\/\\\/fifp.fr\\\/events\\\/choeurs-atlantiques-choeurs-atlantiques-tales-from-the-atlantic-beyond-selection-officielle-official-selection\\\/#breadcrumb\",\"itemListElement\":[{\"@type\":\"ListItem\",\"position\":1,\"name\":\"Festival Film Pan Africain De Cannes\",\"item\":\"https:\\\/\\\/fifp.fr\\\/\"},{\"@type\":\"ListItem\",\"position\":2,\"name\":\"\u00c9v\u00e9nements\",\"item\":\"https:\\\/\\\/fifp.fr\\\/events\\\/\"},{\"@type\":\"ListItem\",\"position\":3,\"name\":\"CH\u0152URS ATLANTIQUES (CH\u0152URS ATLANTIQUES | TALES FROM THE ATLANTIC BEYOND [S\u00e9lection officielle\\\/Official selection]\"}]},{\"@type\":\"WebSite\",\"@id\":\"https:\\\/\\\/fifp.fr\\\/#website\",\"url\":\"https:\\\/\\\/fifp.fr\\\/\",\"name\":\"Festival International Du Film Pan Africain | Cannes\",\"description\":\"Au Coeur Du CInema &amp; Des Arts Pan Africain\",\"potentialAction\":[{\"@type\":\"SearchAction\",\"target\":{\"@type\":\"EntryPoint\",\"urlTemplate\":\"https:\\\/\\\/fifp.fr\\\/?s={search_term_string}\"},\"query-input\":{\"@type\":\"PropertyValueSpecification\",\"valueRequired\":true,\"valueName\":\"search_term_string\"}}],\"inLanguage\":\"en-US\"}]}<\/script>\n<!-- \/ Yoast SEO plugin. -->","yoast_head_json":{"title":"CH\u0152URS ATLANTIQUES (CH\u0152URS ATLANTIQUES | TALES FROM THE ATLANTIC BEYOND [S\u00e9lection officielle\/Official selection] - Festival International Du Film Pan Africain | Cannes","robots":{"index":"index","follow":"follow","max-snippet":"max-snippet:-1","max-image-preview":"max-image-preview:large","max-video-preview":"max-video-preview:-1"},"canonical":"https:\/\/fifp.fr\/en\/events\/choeurs-atlantiques-choeurs-atlantiques-tales-from-the-atlantic-beyond-selection-officielle-official-selection\/","og_locale":"en_US","og_type":"article","og_title":"CH\u0152URS ATLANTIQUES (CH\u0152URS ATLANTIQUES | TALES FROM THE ATLANTIC BEYOND [S\u00e9lection officielle\/Official selection] - Festival International Du Film Pan Africain | Cannes","og_description":"R\u00e9alisateur(trice)\/Director: Safoi Babana-Hampton Dur\u00e9e\/Length: 01:59:00 Genre: Long-m\u00e9trage, documentaire\/Feature, documentary Origin: France, Guadeloupe, Martinique, Senegal, United States\/France, Guadeloupe, Martinique, Senegal, United [&hellip;]","og_url":"https:\/\/fifp.fr\/en\/events\/choeurs-atlantiques-choeurs-atlantiques-tales-from-the-atlantic-beyond-selection-officielle-official-selection\/","og_site_name":"Festival International Du Film Pan Africain | Cannes","article_modified_time":"2025-09-26T17:55:57+00:00","og_image":[{"width":541,"height":800,"url":"https:\/\/fifp.fr\/wp-content\/uploads\/2025\/09\/Poster-c4e8f628af-poster.jpg","type":"image\/jpeg"}],"twitter_card":"summary_large_image","twitter_misc":{"Est. reading time":"2 minutes"},"schema":{"@context":"https:\/\/schema.org","@graph":[{"@type":"WebPage","@id":"https:\/\/fifp.fr\/events\/choeurs-atlantiques-choeurs-atlantiques-tales-from-the-atlantic-beyond-selection-officielle-official-selection\/","url":"https:\/\/fifp.fr\/events\/choeurs-atlantiques-choeurs-atlantiques-tales-from-the-atlantic-beyond-selection-officielle-official-selection\/","name":"CH\u0152URS ATLANTIQUES (CH\u0152URS ATLANTIQUES | TALES FROM THE ATLANTIC BEYOND [S\u00e9lection officielle\/Official selection] - Festival International Du Film Pan Africain | Cannes","isPartOf":{"@id":"https:\/\/fifp.fr\/#website"},"primaryImageOfPage":{"@id":"https:\/\/fifp.fr\/events\/choeurs-atlantiques-choeurs-atlantiques-tales-from-the-atlantic-beyond-selection-officielle-official-selection\/#primaryimage"},"image":{"@id":"https:\/\/fifp.fr\/events\/choeurs-atlantiques-choeurs-atlantiques-tales-from-the-atlantic-beyond-selection-officielle-official-selection\/#primaryimage"},"thumbnailUrl":"https:\/\/fifp.fr\/wp-content\/uploads\/2025\/09\/Poster-c4e8f628af-poster.jpg","datePublished":"2025-09-23T10:42:47+00:00","dateModified":"2025-09-26T17:55:57+00:00","breadcrumb":{"@id":"https:\/\/fifp.fr\/events\/choeurs-atlantiques-choeurs-atlantiques-tales-from-the-atlantic-beyond-selection-officielle-official-selection\/#breadcrumb"},"inLanguage":"en-US","potentialAction":[{"@type":"ReadAction","target":["https:\/\/fifp.fr\/events\/choeurs-atlantiques-choeurs-atlantiques-tales-from-the-atlantic-beyond-selection-officielle-official-selection\/"]}]},{"@type":"ImageObject","inLanguage":"en-US","@id":"https:\/\/fifp.fr\/events\/choeurs-atlantiques-choeurs-atlantiques-tales-from-the-atlantic-beyond-selection-officielle-official-selection\/#primaryimage","url":"https:\/\/fifp.fr\/wp-content\/uploads\/2025\/09\/Poster-c4e8f628af-poster.jpg","contentUrl":"https:\/\/fifp.fr\/wp-content\/uploads\/2025\/09\/Poster-c4e8f628af-poster.jpg","width":541,"height":800},{"@type":"BreadcrumbList","@id":"https:\/\/fifp.fr\/events\/choeurs-atlantiques-choeurs-atlantiques-tales-from-the-atlantic-beyond-selection-officielle-official-selection\/#breadcrumb","itemListElement":[{"@type":"ListItem","position":1,"name":"Festival Film Pan Africain De Cannes","item":"https:\/\/fifp.fr\/"},{"@type":"ListItem","position":2,"name":"\u00c9v\u00e9nements","item":"https:\/\/fifp.fr\/events\/"},{"@type":"ListItem","position":3,"name":"CH\u0152URS ATLANTIQUES (CH\u0152URS ATLANTIQUES | TALES FROM THE ATLANTIC BEYOND [S\u00e9lection officielle\/Official selection]"}]},{"@type":"WebSite","@id":"https:\/\/fifp.fr\/#website","url":"https:\/\/fifp.fr\/","name":"Festival International Du Film Pan Africain | Cannes","description":"Au Coeur Du CInema &amp; Des Arts Pan Africain","potentialAction":[{"@type":"SearchAction","target":{"@type":"EntryPoint","urlTemplate":"https:\/\/fifp.fr\/?s={search_term_string}"},"query-input":{"@type":"PropertyValueSpecification","valueRequired":true,"valueName":"search_term_string"}}],"inLanguage":"en-US"}]}},"_links":{"self":[{"href":"https:\/\/fifp.fr\/en\/wp-json\/wp\/v2\/mec-events\/112958","targetHints":{"allow":["GET"]}}],"collection":[{"href":"https:\/\/fifp.fr\/en\/wp-json\/wp\/v2\/mec-events"}],"about":[{"href":"https:\/\/fifp.fr\/en\/wp-json\/wp\/v2\/types\/mec-events"}],"author":[{"embeddable":true,"href":"https:\/\/fifp.fr\/en\/wp-json\/wp\/v2\/users\/23"}],"replies":[{"embeddable":true,"href":"https:\/\/fifp.fr\/en\/wp-json\/wp\/v2\/comments?post=112958"}],"wp:featuredmedia":[{"embeddable":true,"href":"https:\/\/fifp.fr\/en\/wp-json\/wp\/v2\/media\/112960"}],"wp:attachment":[{"href":"https:\/\/fifp.fr\/en\/wp-json\/wp\/v2\/media?parent=112958"}],"wp:term":[{"taxonomy":"post_tag","embeddable":true,"href":"https:\/\/fifp.fr\/en\/wp-json\/wp\/v2\/tags?post=112958"},{"taxonomy":"mec_category","embeddable":true,"href":"https:\/\/fifp.fr\/en\/wp-json\/wp\/v2\/mec_category?post=112958"},{"taxonomy":"mec_speaker","embeddable":true,"href":"https:\/\/fifp.fr\/en\/wp-json\/wp\/v2\/mec_speaker?post=112958"}],"curies":[{"name":"wp","href":"https:\/\/api.w.org\/{rel}","templated":true}]}}