{"id":51557,"date":"2017-02-27T14:42:30","date_gmt":"2017-02-27T13:42:30","guid":{"rendered":"http:\/\/fifp.fr\/?post_type=portfolio&#038;p=51557"},"modified":"2017-03-30T15:41:44","modified_gmt":"2017-03-30T14:41:44","slug":"mary-noel-niba","status":"publish","type":"portfolio","link":"https:\/\/fifp.fr\/en\/portfolio\/mary-noel-niba\/","title":{"rendered":"Mary-No\u00ebl NIBA"},"content":{"rendered":"<h2><span class=\"font-377884\">BIOFILMOGRAPHIE<\/span><\/h2>\n<p>&nbsp;<\/p>\n<div class=\"page\" title=\"Page 1\">\n<div class=\"layoutArea\">\n<div class=\"column\">\n<p>2017 &#8211; \u00ab La fille de lune \u00bb. Fiction long m\u00e9trage de Patricia KWENDE. Production DELPHY Production \/ LUMAN Communications. Productrice d\u00e9l\u00e9gu\u00e9.<\/p>\n<p>\uf0b7 2016 &#8211;<br \/>\n\uf0d8 \u00ab Bamenda City \u00bb. Documentaire (52 mn). Production LUMAN Communications \u2013<\/p>\n<p>Cor\u00e9alisation avec William NIBA. Sortie \u00e0 Bamenda (Cameroun) en Mai 2016.<\/p>\n<p>&nbsp;<\/p>\n<\/div>\n<\/div>\n<\/div>\n<div class=\"page\" title=\"Page 2\">\n<div class=\"layoutArea\">\n<div class=\"column\">\n<p>\uf0d8 \u00ab CAMTEL, l\u2019\u00e8re num\u00e9rique \u00bb. Film institutionnel (6 mn). Cor\u00e9alisation avec William NIBA.<\/p>\n<p>\uf0d8 \u00ab Jane et Mary \u00bb. Shortcom (50 \u00e9pisodes x 6 mn) de William Landry ADECHE. Production LUMAN Communications. Productrice.<\/p>\n<ul>\n<li>2015 \u2013 \u00ab Claire ou l\u2019enfant de l\u2019amour \u00bb. Long m\u00e9trage fiction. Production LUMAN Communications \u2013 Sc\u00e9nario et R\u00e9alisation. Sortie au Cameroun en 2015- S\u00e9lectionn\u00e9 au festival \u00ab Ecrans Noirs \u00bb 2015 \u00e0 Yaound\u00e9, Festival du Film africain de Khouribga, Maroc (distinction : Prix du meilleur second r\u00f4le), Journ\u00e9es Cin\u00e9matographiques de la Femme Africaine (JCFA) 2016 \u00e0 Ouagadougou \u2013 Diffusion CRTV 2016<\/li>\n<li>\u00a02011 \u2013 \u00ab Le dos de la Veuve \u00bb. Production LUMAN Communications &#8211; sc\u00e9nario et r\u00e9alisation \u2013 S\u00e9lectionn\u00e9 au Festival Miroirs et Cin\u00e9mas d\u2019Afriques, ed. 2011, Festival cin\u00e9mas du monde, Rouen 2012, Festival Ecrans Noirs 2013 Yaound\u00e9, UNESCO 2014, \u00ab Les escales documentaires de Libreville\u00bb, Festival TAZAMA 2016 \u00e0 Brazzaville, Festival international du Film Panafricain de Cannes 2016.<\/li>\n<li>2006 &#8211; \u00ab Double H ou le brouetteur d\u2019Essos \u00bb Documentaire CRTV\/ CIRTEF. Sc\u00e9nario<\/li>\n<li>2004- \u00ab Thermom\u00e8tre \u00bb s\u00e9rie documentaire politique. Sc\u00e9nario et r\u00e9alisation<\/li>\n<li>2002 &#8211; \u00ab Bafoussam, FENAC 2002 : Suivez le Guide \u00bb Production CRTV\u2013 Sc\u00e9nario etr\u00e9alisation.<\/li>\n<li>2002 &#8211; \u00ab Yannick ou le pied de l\u2019espoir \u00bb documentaire diffus\u00e9 sur TV5, France \u00d4, RTBF \u2013Sc\u00e9nario et r\u00e9alisation<\/li>\n<li>\uf0b7 \u00a02000 &#8211; \u00ab La Chefferie de Bafut \u00bb Commentatrice &#8211; documentaire sur l\u2019habitat traditionnel,une coproduction CRTV\/CIRTEF<\/li>\n<li>2000 &#8211; Coordonnatrice \u00abMatila 2000\u00bb Concours du meilleur sc\u00e9nario au Cameroun<\/li>\n<li>1997-1999 &#8211; \u00ab Recto-Verso \u00bb magazine soci\u00e9t\u00e9 &#8211; R\u00e9alisatrice<\/li>\n<li>1997-1998 &#8211; \u00ab L\u2019H\u00e9ritier de Mellam \u00bb et \u00ab Z\u00e9ro ballon \u00bb films radiophoniques ConceptriceR\u00e9alisatrice.<\/li>\n<li>1995 et 1999 &#8211; \u00ab Le Fran\u00e7ais au Cameroun \u00bb reportages sp\u00e9ciaux d\u00e9crochages TV5 auCameroun &#8211; Ecriture et R\u00e9alisation<\/li>\n<li>1992-1999 &#8211; Journal T\u00e9l\u00e9vis\u00e9 de 20H30 &#8211; CRTV &#8211; R\u00e9alisatrice<\/li>\n<li>1992-1999 &#8211; \u00ab Le Fran\u00e7ais Tel Quel \u00bb Production CRTV- Conceptrice \u2013R\u00e9alisatrice -pr\u00e9sentatrice<\/li>\n<li>1992-1995 &#8211; \u00ab Migrations \u00bb magazine d\u2019actualit\u00e9s, production CRTV &#8211; R\u00e9alisatrice<\/li>\n<li>1992-1993 &#8211; \u00ab Les arcanes du sport \u00bb Magazine de sport \u2013Production CRTV &#8211; R\u00e9alisatrice<\/li>\n<li>1994 &#8211; \u00ab Situation des enfants au Cameroun \u00bb Production CRTV\/UNICEF \u2013 R\u00e9alisatrice<\/li>\n<\/ul>\n<\/div>\n<\/div>\n<\/div>","protected":false},"excerpt":{"rendered":"<p>Mary-No\u00ebl NIBA est Productrice et R\u00e9alisatrice camerounaise.<\/p>\n<p>Elle exerce depuis 1992 et a r\u00e9alis\u00e9 des films sous la production CRTV (Cameroun) jusqu\u2019en 2006, et certains ont \u00e9t\u00e9 diffus\u00e9s sur TV5. Depuis 1996, elle est install\u00e9e en France et et s\u2019est mise \u00e0 son compte comme Productrice R\u00e9alisatrice de la soci\u00e9t\u00e9 camerounaise Luman Communications (Yaound\u00e9\/Paris).<\/p>","protected":false},"author":2,"featured_media":0,"parent":0,"menu_order":0,"comment_status":"open","ping_status":"open","template":"","meta":{"footnotes":""},"portfolio_category":[],"class_list":["post-51557","portfolio","type-portfolio","status-publish","hentry"],"yoast_head":"<!-- This site is optimized with the Yoast SEO plugin v27.3 - https:\/\/yoast.com\/product\/yoast-seo-wordpress\/ -->\n<title>Mary-No\u00ebl NIBA - Festival International Du Film Pan Africain | Cannes<\/title>\n<meta name=\"robots\" content=\"index, follow, max-snippet:-1, max-image-preview:large, max-video-preview:-1\" \/>\n<link rel=\"canonical\" href=\"https:\/\/fifp.fr\/en\/portfolio\/mary-noel-niba\/\" \/>\n<meta property=\"og:locale\" content=\"en_US\" \/>\n<meta property=\"og:type\" content=\"article\" \/>\n<meta property=\"og:title\" content=\"Mary-No\u00ebl NIBA - Festival International Du Film Pan Africain | Cannes\" \/>\n<meta property=\"og:description\" content=\"Mary-No\u00ebl NIBA est Productrice et R\u00e9alisatrice camerounaise.  Elle exerce depuis 1992 et a r\u00e9alis\u00e9 des films sous la production CRTV (Cameroun) jusqu\u2019en 2006, et certains ont \u00e9t\u00e9 diffus\u00e9s sur TV5. Depuis 1996, elle est install\u00e9e en France et et s\u2019est mise \u00e0 son compte comme Productrice R\u00e9alisatrice de la soci\u00e9t\u00e9 camerounaise Luman Communications (Yaound\u00e9\/Paris).\" \/>\n<meta property=\"og:url\" content=\"https:\/\/fifp.fr\/en\/portfolio\/mary-noel-niba\/\" \/>\n<meta property=\"og:site_name\" content=\"Festival International Du Film Pan Africain | Cannes\" \/>\n<meta property=\"article:modified_time\" content=\"2017-03-30T14:41:44+00:00\" \/>\n<meta name=\"twitter:card\" content=\"summary_large_image\" \/>\n<meta name=\"twitter:label1\" content=\"Est. reading time\" \/>\n\t<meta name=\"twitter:data1\" content=\"2 minutes\" \/>\n<script type=\"application\/ld+json\" class=\"yoast-schema-graph\">{\"@context\":\"https:\\\/\\\/schema.org\",\"@graph\":[{\"@type\":\"WebPage\",\"@id\":\"https:\\\/\\\/fifp.fr\\\/portfolio\\\/mary-noel-niba\\\/\",\"url\":\"https:\\\/\\\/fifp.fr\\\/portfolio\\\/mary-noel-niba\\\/\",\"name\":\"Mary-No\u00ebl NIBA - Festival International Du Film Pan Africain | Cannes\",\"isPartOf\":{\"@id\":\"https:\\\/\\\/fifp.fr\\\/#website\"},\"datePublished\":\"2017-02-27T13:42:30+00:00\",\"dateModified\":\"2017-03-30T14:41:44+00:00\",\"breadcrumb\":{\"@id\":\"https:\\\/\\\/fifp.fr\\\/portfolio\\\/mary-noel-niba\\\/#breadcrumb\"},\"inLanguage\":\"en-US\",\"potentialAction\":[{\"@type\":\"ReadAction\",\"target\":[\"https:\\\/\\\/fifp.fr\\\/portfolio\\\/mary-noel-niba\\\/\"]}]},{\"@type\":\"BreadcrumbList\",\"@id\":\"https:\\\/\\\/fifp.fr\\\/portfolio\\\/mary-noel-niba\\\/#breadcrumb\",\"itemListElement\":[{\"@type\":\"ListItem\",\"position\":1,\"name\":\"Festival Film Pan Africain De Cannes\",\"item\":\"https:\\\/\\\/fifp.fr\\\/\"},{\"@type\":\"ListItem\",\"position\":2,\"name\":\"Portfolio\",\"item\":\"http:\\\/\\\/fifp.fr\\\/en\\\/portfolio\\\/\"},{\"@type\":\"ListItem\",\"position\":3,\"name\":\"Mary-No\u00ebl NIBA\"}]},{\"@type\":\"WebSite\",\"@id\":\"https:\\\/\\\/fifp.fr\\\/#website\",\"url\":\"https:\\\/\\\/fifp.fr\\\/\",\"name\":\"Festival International Du Film Pan Africain | Cannes\",\"description\":\"Au Coeur Du CInema &amp; Des Arts Pan Africain\",\"potentialAction\":[{\"@type\":\"SearchAction\",\"target\":{\"@type\":\"EntryPoint\",\"urlTemplate\":\"https:\\\/\\\/fifp.fr\\\/?s={search_term_string}\"},\"query-input\":{\"@type\":\"PropertyValueSpecification\",\"valueRequired\":true,\"valueName\":\"search_term_string\"}}],\"inLanguage\":\"en-US\"}]}<\/script>\n<!-- \/ Yoast SEO plugin. -->","yoast_head_json":{"title":"Mary-No\u00ebl NIBA - Festival International Du Film Pan Africain | Cannes","robots":{"index":"index","follow":"follow","max-snippet":"max-snippet:-1","max-image-preview":"max-image-preview:large","max-video-preview":"max-video-preview:-1"},"canonical":"https:\/\/fifp.fr\/en\/portfolio\/mary-noel-niba\/","og_locale":"en_US","og_type":"article","og_title":"Mary-No\u00ebl NIBA - Festival International Du Film Pan Africain | Cannes","og_description":"Mary-No\u00ebl NIBA est Productrice et R\u00e9alisatrice camerounaise.  Elle exerce depuis 1992 et a r\u00e9alis\u00e9 des films sous la production CRTV (Cameroun) jusqu\u2019en 2006, et certains ont \u00e9t\u00e9 diffus\u00e9s sur TV5. Depuis 1996, elle est install\u00e9e en France et et s\u2019est mise \u00e0 son compte comme Productrice R\u00e9alisatrice de la soci\u00e9t\u00e9 camerounaise Luman Communications (Yaound\u00e9\/Paris).","og_url":"https:\/\/fifp.fr\/en\/portfolio\/mary-noel-niba\/","og_site_name":"Festival International Du Film Pan Africain | Cannes","article_modified_time":"2017-03-30T14:41:44+00:00","twitter_card":"summary_large_image","twitter_misc":{"Est. reading time":"2 minutes"},"schema":{"@context":"https:\/\/schema.org","@graph":[{"@type":"WebPage","@id":"https:\/\/fifp.fr\/portfolio\/mary-noel-niba\/","url":"https:\/\/fifp.fr\/portfolio\/mary-noel-niba\/","name":"Mary-No\u00ebl NIBA - Festival International Du Film Pan Africain | Cannes","isPartOf":{"@id":"https:\/\/fifp.fr\/#website"},"datePublished":"2017-02-27T13:42:30+00:00","dateModified":"2017-03-30T14:41:44+00:00","breadcrumb":{"@id":"https:\/\/fifp.fr\/portfolio\/mary-noel-niba\/#breadcrumb"},"inLanguage":"en-US","potentialAction":[{"@type":"ReadAction","target":["https:\/\/fifp.fr\/portfolio\/mary-noel-niba\/"]}]},{"@type":"BreadcrumbList","@id":"https:\/\/fifp.fr\/portfolio\/mary-noel-niba\/#breadcrumb","itemListElement":[{"@type":"ListItem","position":1,"name":"Festival Film Pan Africain De Cannes","item":"https:\/\/fifp.fr\/"},{"@type":"ListItem","position":2,"name":"Portfolio","item":"http:\/\/fifp.fr\/en\/portfolio\/"},{"@type":"ListItem","position":3,"name":"Mary-No\u00ebl NIBA"}]},{"@type":"WebSite","@id":"https:\/\/fifp.fr\/#website","url":"https:\/\/fifp.fr\/","name":"Festival International Du Film Pan Africain | Cannes","description":"Au Coeur Du CInema &amp; Des Arts Pan Africain","potentialAction":[{"@type":"SearchAction","target":{"@type":"EntryPoint","urlTemplate":"https:\/\/fifp.fr\/?s={search_term_string}"},"query-input":{"@type":"PropertyValueSpecification","valueRequired":true,"valueName":"search_term_string"}}],"inLanguage":"en-US"}]}},"_links":{"self":[{"href":"https:\/\/fifp.fr\/en\/wp-json\/wp\/v2\/portfolio\/51557","targetHints":{"allow":["GET"]}}],"collection":[{"href":"https:\/\/fifp.fr\/en\/wp-json\/wp\/v2\/portfolio"}],"about":[{"href":"https:\/\/fifp.fr\/en\/wp-json\/wp\/v2\/types\/portfolio"}],"author":[{"embeddable":true,"href":"https:\/\/fifp.fr\/en\/wp-json\/wp\/v2\/users\/2"}],"replies":[{"embeddable":true,"href":"https:\/\/fifp.fr\/en\/wp-json\/wp\/v2\/comments?post=51557"}],"version-history":[{"count":0,"href":"https:\/\/fifp.fr\/en\/wp-json\/wp\/v2\/portfolio\/51557\/revisions"}],"wp:attachment":[{"href":"https:\/\/fifp.fr\/en\/wp-json\/wp\/v2\/media?parent=51557"}],"wp:term":[{"taxonomy":"portfolio_category","embeddable":true,"href":"https:\/\/fifp.fr\/en\/wp-json\/wp\/v2\/portfolio_category?post=51557"}],"curies":[{"name":"wp","href":"https:\/\/api.w.org\/{rel}","templated":true}]}}